{"version":"1.0","provider_name":"ONG Adesco","provider_url":"https:\/\/ongadesco.org\/fr","author_name":"afitz patrick","author_url":"https:\/\/ongadesco.org\/fr\/author\/patrickafitz\/","title":"Formation des M\u00e9canismes Communautaires de Protection de l\u2019Enfance : ADESCO renforce les acteurs locaux pour une meilleure protection des enfants. - ONG Adesco","type":"rich","width":600,"height":338,"html":"<blockquote class=\"wp-embedded-content\" data-secret=\"H0YLhQC3KW\"><a href=\"https:\/\/ongadesco.org\/fr\/formation-mecanismes-communautaires-protection-enfance\/\">Formation des M\u00e9canismes Communautaires de Protection de l\u2019Enfance : ADESCO renforce les acteurs locaux pour une meilleure protection des enfants.<\/a><\/blockquote><iframe sandbox=\"allow-scripts\" security=\"restricted\" src=\"https:\/\/ongadesco.org\/fr\/formation-mecanismes-communautaires-protection-enfance\/embed\/#?secret=H0YLhQC3KW\" width=\"600\" height=\"338\" title=\"\u00ab\u00a0Formation des M\u00e9canismes Communautaires de Protection de l\u2019Enfance : ADESCO renforce les acteurs locaux pour une meilleure protection des enfants.\u00a0\u00bb &#8212; ONG Adesco\" data-secret=\"H0YLhQC3KW\" frameborder=\"0\" marginwidth=\"0\" marginheight=\"0\" scrolling=\"no\" class=\"wp-embedded-content\"><\/iframe><script type=\"text\/javascript\">\n\/* <![CDATA[ *\/\n\/*! This file is auto-generated *\/\n!function(d,l){\"use strict\";l.querySelector&&d.addEventListener&&\"undefined\"!=typeof URL&&(d.wp=d.wp||{},d.wp.receiveEmbedMessage||(d.wp.receiveEmbedMessage=function(e){var t=e.data;if((t||t.secret||t.message||t.value)&&!\/[^a-zA-Z0-9]\/.test(t.secret)){for(var s,r,n,a=l.querySelectorAll('iframe[data-secret=\"'+t.secret+'\"]'),o=l.querySelectorAll('blockquote[data-secret=\"'+t.secret+'\"]'),c=new RegExp(\"^https?:$\",\"i\"),i=0;i<o.length;i++)o[i].style.display=\"none\";for(i=0;i<a.length;i++)s=a[i],e.source===s.contentWindow&&(s.removeAttribute(\"style\"),\"height\"===t.message?(1e3<(r=parseInt(t.value,10))?r=1e3:~~r<200&&(r=200),s.height=r):\"link\"===t.message&&(r=new URL(s.getAttribute(\"src\")),n=new URL(t.value),c.test(n.protocol))&&n.host===r.host&&l.activeElement===s&&(d.top.location.href=t.value))}},d.addEventListener(\"message\",d.wp.receiveEmbedMessage,!1),l.addEventListener(\"DOMContentLoaded\",function(){for(var e,t,s=l.querySelectorAll(\"iframe.wp-embedded-content\"),r=0;r<s.length;r++)(t=(e=s[r]).getAttribute(\"data-secret\"))||(t=Math.random().toString(36).substring(2,12),e.src+=\"#?secret=\"+t,e.setAttribute(\"data-secret\",t)),e.contentWindow.postMessage({message:\"ready\",secret:t},\"*\")},!1)))}(window,document);\n\/\/# sourceURL=https:\/\/ongadesco.org\/fr\/wp-includes\/js\/wp-embed.min.js\n\/* ]]> *\/\n<\/script>\n","thumbnail_url":"https:\/\/ongadesco.org\/fr\/wp-content\/uploads\/2025\/12\/WhatsApp-Image-2025-12-09-a-14.31.29_a0cf06a3.jpg","thumbnail_width":984,"thumbnail_height":432,"description":"Du 08 au 12 d\u00e9cembre 2025, ADESCO, avec l\u2019appui financier de Plan International, a lanc\u00e9 une s\u00e9rie de sessions de formation d\u00e9di\u00e9es au renforcement des M\u00e9canismes Communautaires de Protection de l\u2019Enfance (MCPE) dans le cadre du projet RASEPET. Cette initiative couvre 60 localit\u00e9s de la r\u00e9gion Centrale, o\u00f9 la vuln\u00e9rabilit\u00e9 des enfants demeure un enjeu [&hellip;]"}